{"id":12971,"date":"2020-07-15T10:33:25","date_gmt":"2020-07-15T10:33:25","guid":{"rendered":"https:\/\/sitocarracedo.com\/?page_id=12971"},"modified":"2023-01-10T10:25:12","modified_gmt":"2023-01-10T09:25:12","slug":"historia","status":"publish","type":"page","link":"https:\/\/sitocarracedo.com\/es\/historia\/","title":{"rendered":"Historia"},"content":{"rendered":"<p>[et_pb_section fb_built=\u00bb1&#8243; admin_label=\u00bbsection\u00bb _builder_version=\u00bb4.18.0&#8243; _module_preset=\u00bbdefault\u00bb background_color=\u00bb#2b2b2b\u00bb custom_margin=\u00bb2px||||false|false\u00bb custom_padding=\u00bb0px||||false|false\u00bb locked=\u00bboff\u00bb global_colors_info=\u00bb{}\u00bb][et_pb_row column_structure=\u00bb1_2,1_2&#8243; admin_label=\u00bbrow\u00bb _builder_version=\u00bb4.18.0&#8243; _module_preset=\u00bbdefault\u00bb background_size=\u00bbinitial\u00bb background_position=\u00bbtop_left\u00bb background_repeat=\u00bbrepeat\u00bb custom_margin=\u00bb10px||||false|false\u00bb custom_padding=\u00bb44px||||false|false\u00bb global_colors_info=\u00bb{}\u00bb][et_pb_column type=\u00bb1_2&#8243; _builder_version=\u00bb4.16&#8243; _module_preset=\u00bbdefault\u00bb custom_padding=\u00bb|||\u00bb global_colors_info=\u00bb{}\u00bb custom_padding__hover=\u00bb|||\u00bb][et_pb_image src=\u00bbhttps:\/\/sitocarracedo.com\/wp-content\/uploads\/2019\/03\/primeras-43.jpg\u00bb alt=\u00bbSito Carracedo\u00bb title_text=\u00bbSito Carracedo\u00bb _builder_version=\u00bb4.18.0&#8243; _module_preset=\u00bbdefault\u00bb global_colors_info=\u00bb{}\u00bb][\/et_pb_image][\/et_pb_column][et_pb_column type=\u00bb1_2&#8243; _builder_version=\u00bb4.16&#8243; _module_preset=\u00bbdefault\u00bb custom_padding=\u00bb|||\u00bb global_colors_info=\u00bb{}\u00bb custom_padding__hover=\u00bb|||\u00bb][et_pb_text admin_label=\u00bbText\u00bb _builder_version=\u00bb4.18.0&#8243; _module_preset=\u00bbdefault\u00bb text_font=\u00bbMontserrat||||||||\u00bb text_text_color=\u00bb#FFFFFF\u00bb header_font=\u00bbMontserrat|500|||||||\u00bb header_text_color=\u00bb#FFFFFF\u00bb header_font_size=\u00bb55px\u00bb header_letter_spacing=\u00bb11px\u00bb background_size=\u00bbinitial\u00bb background_position=\u00bbtop_left\u00bb background_repeat=\u00bbrepeat\u00bb custom_margin=\u00bb||||false|false\u00bb hover_enabled=\u00bb0&#8243; global_colors_info=\u00bb{}\u00bb sticky_enabled=\u00bb0&#8243;]<\/p>\n<h1>SITO CARRACEDO<\/h1>\n<p>Sito Carracedo es un artesano gallego reconocido por su labor de investigaci\u00f3n y construcci\u00f3n de diferentes tipos de gaitas europeas y por su aportaci\u00f3n en innovaciones t\u00e9cnicas que permiten una mejor conservaci\u00f3n de la palleta, el elemento m\u00e1s delicado de la gaita gallega. Su experiencia como int\u00e9rprete y como artesano musical se manifiesta tambi\u00e9n en innovaciones creativas como el \u00abpeitoque\u00bb y los \u00abpitos\u00bb, instrumentos de percusi\u00f3n personalizables, o en el popular manual de afinaci\u00f3n de la gaita \u00ab<em>Palleta maldita<\/em>\u00bb, convertido ya en una referencia obligada para las nuevas generaciones de gaiteiros.<\/p>\n<p>[\/et_pb_text][\/et_pb_column][\/et_pb_row][\/et_pb_section][et_pb_section fb_built=\u00bb1&#8243; admin_label=\u00bbsection\u00bb _builder_version=\u00bb4.18.0&#8243; _module_preset=\u00bbdefault\u00bb custom_margin=\u00bb2px||||false|false\u00bb custom_padding=\u00bb0px||||false|false\u00bb locked=\u00bboff\u00bb global_colors_info=\u00bb{}\u00bb][et_pb_row admin_label=\u00bbrow\u00bb _builder_version=\u00bb4.16&#8243; _module_preset=\u00bbdefault\u00bb background_size=\u00bbinitial\u00bb background_position=\u00bbtop_left\u00bb background_repeat=\u00bbrepeat\u00bb global_colors_info=\u00bb{}\u00bb][et_pb_column type=\u00bb4_4&#8243; _builder_version=\u00bb4.16&#8243; _module_preset=\u00bbdefault\u00bb custom_padding=\u00bb|||\u00bb global_colors_info=\u00bb{}\u00bb custom_padding__hover=\u00bb|||\u00bb][et_pb_text admin_label=\u00bbText\u00bb _builder_version=\u00bb4.18.0&#8243; _module_preset=\u00bbdefault\u00bb text_font=\u00bbMontserrat||||||||\u00bb link_text_color=\u00bb#636363&#8243; header_font=\u00bbMontserrat||||||||\u00bb header_font_size=\u00bb44px\u00bb header_letter_spacing=\u00bb7.5px\u00bb header_2_font_size=\u00bb24px\u00bb header_2_letter_spacing=\u00bb4.65px\u00bb background_size=\u00bbinitial\u00bb background_position=\u00bbtop_left\u00bb background_repeat=\u00bbrepeat\u00bb custom_margin=\u00bb44px||||false|false\u00bb hover_enabled=\u00bb0&#8243; global_colors_info=\u00bb{}\u00bb sticky_enabled=\u00bb0&#8243;]<\/p>\n<h2>ARTESANO<\/h2>\n<p>Sito Carracedo es un artesano gallego reconocido por su trabajo de investigaci\u00f3n y construcci\u00f3n de diferentes tipos de gaitas europeas.<\/p>\n<p>Se form\u00f3 con el maestro <strong>Ant\u00f3n Corral<\/strong> en el <strong>Taller Escola da Deputaci\u00f3n de Lugo<\/strong><em>,<\/em> con el que aprendi\u00f3 a tocar la gaita, a construirla y a hacer palletas. A finales de los a\u00f1os 70 mont\u00f3 su taller en la r\u00faa San Froil\u00e1n de Lugo, donde inici\u00f3 la construcci\u00f3n de instrumentos tradicionales (gaitas, pitos, requintas y tamboril).<\/p>\n<p>Pocos a\u00f1os despu\u00e9s volvi\u00f3 a coincidir con Ant\u00f3n en la constituci\u00f3n de la <strong>Cooperativa Soutelo de Montes<\/strong>, un proyecto pionero que ten\u00eda como objetivo avanzar en la dignificaci\u00f3n del trabajo artesanal en la m\u00fasica tradicional. Lamentablemente, este proyecto no tuvo continuidad, por lo que se volvi\u00f3 a instalar en solitario, traslad\u00e1ndose poco despu\u00e9s a Pardi\u00f1as (Guitiriz), donde mont\u00f3 su taller con la colaboraci\u00f3n de la <strong>Asociaci\u00f3n Cultural Xermolos.<\/strong><\/p>\n<p>A lo largo de los a\u00f1os realiza varias exposici\u00f3ns en Galicia, Asturias, Madrid y Francia. Despu\u00e9s de a\u00f1os adquiriendo conocimientos y experiencias llega a construir:<\/p>\n<ul>\n<li>Uilleann Pipe<\/li>\n<li>Small Pipe (Northumbrian)<\/li>\n<li>Dudelsack<\/li>\n<li>Gaita de barqu\u00edn (gaita del sur de Galicia que dej\u00f3 de tocar hace m\u00e1s de cien a\u00f1os)<\/li>\n<li>Gaita gallega (tonalidades: Re, Do, Sib, La, Sol, en diferentes maderas y acabados)<\/li>\n<\/ul>\n<p>Pero las inquietudes y la necesidad de investigar y conocer m\u00e1s sobre el apasionante y complejo mundo de la gaita, le motivan a aceptar el reto de recuperar la SACKPFEIFEN, gaita de la zona suaba (Balingen-Alemania) que se dej\u00f3 de tocar en el siglo XIX e de la que solo se conservaban grabados y alg\u00fan libro con fotos. Despu\u00e9s de un a\u00f1o de intenso trabajo, el resultado fue todo un \u00e9xito, y Sito visita dende entonces Alemania en varias ocasiones, recibindo las correspondientes felicitaciones por la labor lograda.<\/p>\n<p>Tambi\u00e9n lleva a cabo la restauraci\u00f3n de gaitas antiguas.<\/p>\n<p>En el campo de la percusi\u00f3n, adem\u00e1s de seguir haciendo tarra\u00f1olas, tambores o pandeios, aporta dos importantes innovaciones:<\/p>\n<p><a href=\"https:\/\/sitocarracedo.com\/es\/categoria-producto\/pitos\/\" target=\"_blank\" rel=\"noopener\"><strong><u>PITOS<\/u><\/strong><\/a>: curioso instrumento que tocaban hace a\u00f1os las parejas para acompa\u00f1arse en el baile y del que Sito hizo una versi\u00f3n para sacarle m\u00e1s partido. Se colocan en los dedos \u00edndice de cada mano y, con el simple contacto con una superficie, ya suenan, incluso se dice que son \u201cantiestr\u00e9s\u201d<\/p>\n<p><a href=\"https:\/\/sitocarracedo.com\/es\/categoria-producto\/peitoques\/\" target=\"_blank\" rel=\"noopener\"><strong><u>PEITOQUE<\/u><\/strong>:<\/a> una evoluci\u00f3n de las casta\u00f1uelas que, aunque se toca con las manos, se aleja de los dedos para colgarse del cuello, coma si se tratase de un colgante.<\/p>\n<p>A medida que investiga sobre otro tipo de gaitas crea sus correspondientes palletas. En la construcci\u00f3n de la tan delicada palleta, Sito procura obtener el mayor rendimiento posible; de ah\u00ed que no se dedique a producirlas masivamente. Es un trabajo que requiere especial dedicaci\u00f3n e inter\u00e9s; se trata de hacer \u201cpoco y bien\u201d. Llega entonces a hacer distintos tipos de palleta: asturiana, irlandesa, escocesa, northumbrian, zampogna, charamela, alemana y, como no, gallega. Esta \u00faltima la conoce bastante bien y de hecho son ya unos cuantos los cursos de construcci\u00f3n de palletas que lleva impartiendo desde Negreira, Taramundi, Lugo o Ponferrada hasta Italia y Alemania.<\/p>\n<p>[\/et_pb_text][\/et_pb_column][\/et_pb_row][et_pb_row column_structure=\u00bb3_5,2_5&#8243; admin_label=\u00bbrow\u00bb _builder_version=\u00bb4.16&#8243; _module_preset=\u00bbdefault\u00bb background_size=\u00bbinitial\u00bb background_position=\u00bbtop_left\u00bb background_repeat=\u00bbrepeat\u00bb global_colors_info=\u00bb{}\u00bb][et_pb_column type=\u00bb3_5&#8243; _builder_version=\u00bb4.16&#8243; _module_preset=\u00bbdefault\u00bb custom_padding=\u00bb|||\u00bb global_colors_info=\u00bb{}\u00bb custom_padding__hover=\u00bb|||\u00bb][et_pb_text admin_label=\u00bbText\u00bb _builder_version=\u00bb4.18.0&#8243; _module_preset=\u00bbdefault\u00bb text_font=\u00bbMontserrat||||||||\u00bb link_text_color=\u00bb#636363&#8243; header_font=\u00bbMontserrat||||||||\u00bb header_font_size=\u00bb44px\u00bb header_letter_spacing=\u00bb7.5px\u00bb header_2_font_size=\u00bb24px\u00bb header_2_letter_spacing=\u00bb4.65px\u00bb background_size=\u00bbinitial\u00bb background_position=\u00bbtop_left\u00bb background_repeat=\u00bbrepeat\u00bb custom_margin=\u00bb||||false|false\u00bb hover_enabled=\u00bb0&#8243; global_colors_info=\u00bb{}\u00bb sticky_enabled=\u00bb0&#8243;]<\/p>\n<h2>ESCRITOR<\/h2>\n<p>Despu\u00e9s de a\u00f1os impartiendo cursos de afinaci\u00f3n y construcci\u00f3n de palletas, decidi\u00f3 plasmar su experiencia en la afinaci\u00f3n en un manual que titul\u00f3 <strong><em>Palleta maldita<\/em><\/strong><em>, <\/em>editado por la Asociaci\u00f3n Cultural Xermolos. Este libro t\u00e9cnico de afinaci\u00f3n fue fruto de la necesidad de cubrir el vac\u00edo existente sobre los secretos de la afinaci\u00f3n de la gaita gallega. Es un libro de f\u00e1cil comprensi\u00f3n, concebido para llegar desde el aprendiz hasta el iniciado el las artes de la gaita y escrito con la intenci\u00f3n de poder compaginar su lectura con la puesta en pr\u00e1ctica de su contenido.<\/p>\n<p>Siempre tuvo presente a qu\u00e9 p\u00fablico va dirigida esta obra y las dificultades para hacerla llegar a manos de estos, por esta raz\u00f3n y ante las dificultades encontradas en su devagar, eligi\u00f3 y asumi\u00f3 todo el proceso, desde la creaci\u00f3n hasta la distribuci\u00f3n. Encontr\u00f3 apoyo por parte de asociaciones y agentes culturales interesados en el tema.<\/p>\n<p>El libro est\u00e1 disponible en gallego y castellano. Se tradujo al alem\u00e1n y al franc\u00e9s y est\u00e1 pendiente su traducci\u00f3n al italiano y al ingl\u00e9s.<\/p>\n<p>&nbsp;<\/p>\n<p>[\/et_pb_text][\/et_pb_column][et_pb_column type=\u00bb2_5&#8243; _builder_version=\u00bb4.16&#8243; _module_preset=\u00bbdefault\u00bb custom_padding=\u00bb|||\u00bb global_colors_info=\u00bb{}\u00bb custom_padding__hover=\u00bb|||\u00bb][et_pb_image src=\u00bbhttps:\/\/sitocarracedo.com\/wp-content\/uploads\/2019\/04\/sito.jpg\u00bb alt=\u00bbSito Carracedo\u00bb title_text=\u00bbSito Carracedo\u00bb _builder_version=\u00bb4.18.0&#8243; _module_preset=\u00bbdefault\u00bb custom_margin=\u00bb25px||0px||false|false\u00bb custom_padding=\u00bb||0px||false|false\u00bb global_colors_info=\u00bb{}\u00bb][\/et_pb_image][et_pb_text admin_label=\u00bbText\u00bb _builder_version=\u00bb4.18.0&#8243; _module_preset=\u00bbdefault\u00bb text_font=\u00bbMontserrat||||||||\u00bb text_font_size=\u00bb10px\u00bb link_text_color=\u00bb#636363&#8243; header_font=\u00bbMontserrat||||||||\u00bb header_font_size=\u00bb44px\u00bb header_letter_spacing=\u00bb7.5px\u00bb header_2_font_size=\u00bb24px\u00bb header_2_letter_spacing=\u00bb4.65px\u00bb background_size=\u00bbinitial\u00bb background_position=\u00bbtop_left\u00bb background_repeat=\u00bbrepeat\u00bb custom_margin=\u00bb0px||||false|false\u00bb global_colors_info=\u00bb{}\u00bb]Fotograf\u00eda: Suso Pena para La Voz de Galicia.[\/et_pb_text][\/et_pb_column][\/et_pb_row][et_pb_row admin_label=\u00bbrow\u00bb _builder_version=\u00bb4.16&#8243; _module_preset=\u00bbdefault\u00bb background_size=\u00bbinitial\u00bb background_position=\u00bbtop_left\u00bb background_repeat=\u00bbrepeat\u00bb global_colors_info=\u00bb{}\u00bb][et_pb_column type=\u00bb4_4&#8243; _builder_version=\u00bb4.16&#8243; _module_preset=\u00bbdefault\u00bb custom_padding=\u00bb|||\u00bb global_colors_info=\u00bb{}\u00bb custom_padding__hover=\u00bb|||\u00bb][et_pb_text admin_label=\u00bbText\u00bb _builder_version=\u00bb4.18.0&#8243; _module_preset=\u00bbdefault\u00bb text_font=\u00bbMontserrat||||||||\u00bb link_text_color=\u00bb#636363&#8243; header_font=\u00bbMontserrat||||||||\u00bb header_font_size=\u00bb44px\u00bb header_letter_spacing=\u00bb7.5px\u00bb header_2_font_size=\u00bb24px\u00bb header_2_letter_spacing=\u00bb4.65px\u00bb background_size=\u00bbinitial\u00bb background_position=\u00bbtop_left\u00bb background_repeat=\u00bbrepeat\u00bb custom_margin=\u00bb||||false|false\u00bb hover_enabled=\u00bb0&#8243; global_colors_info=\u00bb{}\u00bb sticky_enabled=\u00bb0&#8243;]<\/p>\n<h2>INVENTOR<\/h2>\n<p>Despu\u00e9s de experimentar tanto en el mundo da gaita y de la palleta, uno de los problemas que se encuentra cuando toca en sitios con clima seco es la deformidad y sequedad de la palleta por el contraste de la humedad. Sito inventa un tap\u00f3n para el puntero de la gaita que humidifica la palleta. Lo llama <a href=\"https:\/\/sitocarracedo.com\/es\/produto\/higrotapon\/\" target=\"_blank\" rel=\"noopener\"><strong><u>HIGROTAP\u00d3N<\/u><\/strong><\/a>, y consta de un peque\u00f1o dep\u00f3sito con una mecha interior que proporciona la humedad que la palleta precisa para su conservaci\u00f3n.<\/p>\n<p>Gaitero popular y vocacional, fue uno de los pioneros en llevar la gaita y la m\u00fasica a las calles, los bares, las foliadas\u2026, \u00a0buscando siempre la normalizaci\u00f3n y popularizaci\u00f3n de la m\u00fasica tradicional. Como gaitero, tambi\u00e9n particip\u00f3 y colabor\u00f3 en diferentes grupos y proyectos musicales: <strong>C\u00e1ntigas e frores, Treboada, Galicia canta ao neno, Grupo Did\u00e1ctico da Cooperativa Soutelo de Montes, Fiand\u00f3n, A Quenlla, Banda do Clavi<\/strong> y <strong>Gris Merengue<\/strong>. Tambi\u00e9n cuenta en su haber con colaboraciones internacionales, como por ejemplo, con el grupo alem\u00e1n <strong>\u00c4lab\u00e4tsch<\/strong> o los italianos <strong>Hotel Rif.<\/strong><\/p>\n<p>&nbsp;<\/p>\n<p>[\/et_pb_text][\/et_pb_column][\/et_pb_row][\/et_pb_section]<\/p>\n","protected":false},"excerpt":{"rendered":"<p>SITO CARRACEDO Sito Carracedo es un artesano gallego reconocido por su labor de investigaci\u00f3n y construcci\u00f3n de diferentes tipos de gaitas europeas y por su aportaci\u00f3n en innovaciones t\u00e9cnicas que permiten una mejor conservaci\u00f3n de la palleta, el elemento m\u00e1s delicado de la gaita gallega. Su experiencia como int\u00e9rprete y como artesano musical se manifiesta [&hellip;]<\/p>\n","protected":false},"author":1,"featured_media":0,"parent":0,"menu_order":0,"comment_status":"closed","ping_status":"closed","template":"","meta":{"_et_pb_use_builder":"on","_et_pb_old_content":"<style type=\"text\/css\">@media only screen and (min-width: 1000px) and (max-width: 5000px){body.kc-css-system .kc-css-3173289{width: 49.7%;}body.kc-css-system .kc-css-2217903{width: 50.28%;}body.kc-css-system .kc-css-1747770{width: 58.95%;}body.kc-css-system .kc-css-3596584{width: 41.03%;}}body.kc-css-system .kc-css-3111400{background: #2b2b2b;margin: 0px 44px 44px 44px;padding: 60px 55px 55px 55px;}body.kc-css-system .kc-css-3459866.kc_title,body.kc-css-system .kc-css-3459866 .kc_title,body.kc-css-system .kc-css-3459866 .kc_title a.kc_title_link{color: #ffffff;font-family: Montserrat;font-size: 4em;font-weight: 400;line-height: 55px;letter-spacing: 11px;text-transform: uppercase;text-align: left;padding-top: 0px;padding-bottom: 25px;margin-top: 0px;margin-bottom: 0px;}body.kc-css-system .kc-css-1840336 ,body.kc-css-system .kc-css-1840336 p{color: #ffffff;font-family: Montserrat;}body.kc-css-system .kc-css-1840336 p{margin-bottom: 25px;}body.kc-css-system .kc-css-925805{padding-top: 40px;}body.kc-css-system .kc-css-3351194 p{margin-bottom: 25px;}body.kc-css-system .kc-css-443251{padding: 20px 20px 20px 20px;}body.kc-css-system .kc-css-3232120 p{margin-bottom: 25px;}body.kc-css-system .kc-css-824900 ,body.kc-css-system .kc-css-824900 p{font-size: 9px;}body.kc-css-system .kc-css-824900{padding-top: -48px;}body.kc-css-system .kc-css-2896338 p{margin-bottom: 25px;}@media only screen and (max-width: 1024px){body.kc-css-system .kc-css-3459866.kc_title,body.kc-css-system .kc-css-3459866 .kc_title,body.kc-css-system .kc-css-3459866 .kc_title a.kc_title_link{font-size: 3em;}}@media only screen and (max-width: 999px){body.kc-css-system .kc-css-2217903{padding: 28px 28px 28px 28px;}body.kc-css-system .kc-css-3459866.kc_title,body.kc-css-system .kc-css-3459866 .kc_title,body.kc-css-system .kc-css-3459866 .kc_title a.kc_title_link{font-size: 3px;}}@media only screen and (max-width: 767px){body.kc-css-system .kc-css-3459866.kc_title,body.kc-css-system .kc-css-3459866 .kc_title,body.kc-css-system .kc-css-3459866 .kc_title a.kc_title_link{font-size: 3em;}}@media only screen and (max-width: 479px){body.kc-css-system .kc-css-3111400{padding: 18px 18px 18px 18px;}body.kc-css-system .kc-css-2217903{padding: 18px 18px 18px 18px;}body.kc-css-system .kc-css-3459866.kc_title,body.kc-css-system .kc-css-3459866 .kc_title,body.kc-css-system .kc-css-3459866 .kc_title a.kc_title_link{font-size: 2em;}}<\/style><section data-kc-fullwidth=\"row\" class=\"kc-elm kc-css-3111400 kc-animated kc-animate-eff-fadeIn kc_row\"><div class=\"kc-row-container  kc-container\"><div class=\"kc-wrap-columns\"><div class=\"kc-elm kc-css-3173289 kc_col-sm-6 kc_column kc_col-sm-6\"><div class=\"kc-col-container\"><div class=\"kc-elm kc-css-1356147 kc_shortcode kc_single_image\">\r\n\r\n        <img src=\"https:\/\/sitocarracedo.com\/wp-content\/uploads\/2019\/03\/primeras-43.jpg\" class=\"\" alt=\"\" \/>    <\/div>\r\n<\/div><\/div><div class=\"kc-elm kc-css-2217903 kc_col-sm-6 kc_column kc_col-sm-6\"><div class=\"kc-col-container\">\r\n<div class=\"kc-elm kc-css-3459866 kc-title-wrap \">\r\n\r\n\t<h1 class=\"kc_title\">SITO CARRACEDO<\/h1>\r\n<\/div>\r\n<div class=\"kc-elm kc-css-1840336 kc_text_block\"><p style=\"text-align: justify;\" align=\"LEFT\">Sito Carracedo es un artesano gallego reconocido por su labor de investigaci\u00f3n y construcci\u00f3n de diferentes tipos de gaitas europeas y por su aportaci\u00f3n en innovaciones t\u00e9cnicas que permiten una mejor conservaci\u00f3n de la palleta, el elemento m\u00e1s delicado de la gaita gallega. Su experiencia como int\u00e9rprete y como artesano musical se manifiesta tambi\u00e9n en innovaciones creativas como el \u00abpeitoque\u00bb y los \u00abpitos\u00bb, instrumentos de percusi\u00f3n personalizables, o en el popular manual de afinaci\u00f3n de la gaita \u00abPalleta maldita\u00bb, convertido ya en una referencia obligada para las nuevas generaciones de gaiteiros.<\/p>\r\n<\/div><\/div><\/div><\/div><\/div><\/section><section class=\"kc-elm kc-css-925805 kc_row\"><div class=\"kc-row-container  kc-container\"><div class=\"kc-wrap-columns\"><div class=\"kc-elm kc-css-1840880 kc_col-sm-12 kc_column kc_col-sm-12\"><div class=\"kc-col-container\">\r\n<div class=\"kc-elm kc-css-1476395 kc-title-wrap \">\r\n\r\n\t<h2 class=\"kc_title\">ARTES\u00c1N<\/h2>\r\n<\/div>\r\n<div class=\"kc-elm kc-css-3351194 kc_text_block\"><p style=\"text-align: justify;\">Sito Carracedo es un artesano gallego reconocido por su trabajo de investigaci\u00f3n y construcci\u00f3n de diferentes tipos de gaitas europeas.<\/p>\r\n<p style=\"text-align: justify;\">Se form\u00f3 con el maestro <strong>Ant\u00f3n Corral<\/strong> en el <strong>Taller Escola da Deputaci\u00f3n de Lugo<\/strong><em>,<\/em> con el que aprendi\u00f3 a tocar la gaita, a construirla y a hacer palletas. A finales de los a\u00f1os 70 mont\u00f3 su taller en la r\u00faa San Froil\u00e1n de Lugo, donde inici\u00f3 la construcci\u00f3n de instrumentos tradicionales (gaitas, pitos, requintas y tamboril).<\/p>\r\n<p style=\"text-align: justify;\">Pocos a\u00f1os despu\u00e9s volvi\u00f3 a coincidir con Ant\u00f3n en la constituci\u00f3n de la <strong>Cooperativa Soutelo de Montes<\/strong>, un proyecto pionero que ten\u00eda como objetivo avanzar en la dignificaci\u00f3n del trabajo artesanal en la m\u00fasica tradicional. Lamentablemente, este proyecto no tuvo continuidad, por lo que se volvi\u00f3 a instalar en solitario, traslad\u00e1ndose poco despu\u00e9s a Pardi\u00f1as (Guitiriz), donde mont\u00f3 su taller con la colaboraci\u00f3n de la <strong>Asociaci\u00f3n Cultural Xermolos.<\/strong><\/p>\r\n<p style=\"text-align: justify;\">A lo largo de los a\u00f1os realiza varias exposici\u00f3ns en Galicia, Asturias, Madrid y Francia. Despu\u00e9s de a\u00f1os adquiriendo conocimientos y experiencias llega a construir:<\/p>\r\n<ul style=\"text-align: justify;\">\r\n<li>Uilleann Pipe<\/li>\r\n<li>Small Pipe (Northumbrian)<\/li>\r\n<li>Dudelsack<\/li>\r\n<li>Gaita de barqu\u00edn (gaita del sur de Galicia que dej\u00f3 de tocar hace m\u00e1s de cien a\u00f1os)<\/li>\r\n<li>Gaita gallega (tonalidades: Re, Do, Sib, La, Sol, en diferentes maderas y acabados)<\/li>\r\n<\/ul>\r\n<p style=\"text-align: justify;\">Pero las inquietudes y la necesidad de investigar y conocer m\u00e1s sobre el apasionante y complejo mundo de la gaita, le motivan a aceptar el reto de recuperar la SACKPFEIFEN, gaita de la zona suaba (Balingen-Alemania) que se dej\u00f3 de tocar en el siglo XIX e de la que solo se conservaban grabados y alg\u00fan libro con fotos. Despu\u00e9s de un a\u00f1o de intenso trabajo, el resultado fue todo un \u00e9xito, y Sito visita dende entonces Alemania en varias ocasiones, recibindo las correspondientes felicitaciones por la labor lograda.<\/p>\r\n<p style=\"text-align: justify;\">Tambi\u00e9n lleva a cabo la restauraci\u00f3n de gaitas antiguas.<\/p>\r\n<p style=\"text-align: justify;\">En el campo de la percusi\u00f3n, adem\u00e1s de seguir haciendo tarra\u00f1olas, tambores o pandeios, aporta dos importantes innovaciones:<\/p>\r\n<p style=\"text-align: justify;\"><a href=\"https:\/\/sitocarracedo.com\/es\/pitos\/\" target=\"_blank\" rel=\"noopener\"><strong><u>PITOS<\/u><\/strong><\/a>: curioso instrumento que tocaban hace a\u00f1os las parejas para acompa\u00f1arse en el baile y del que Sito hizo una versi\u00f3n para sacarle m\u00e1s partido. Se colocan en los dedos \u00edndice de cada mano y, con el simple contacto con una superficie, ya suenan, incluso se dice que son \u201cantiestr\u00e9s\u201d<\/p>\r\n<p style=\"text-align: justify;\"><a href=\"https:\/\/sitocarracedo.com\/es\/peitoques\/\" target=\"_blank\" rel=\"noopener\"><strong><u>PEITOQUE<\/u><\/strong>:<\/a> una evoluci\u00f3n de las casta\u00f1uelas que, aunque se toca con las manos, se aleja de los dedos para colgarse del cuello, coma si se tratase de un colgante.<\/p>\r\n<p style=\"text-align: justify;\">A medida que investiga sobre otro tipo de gaitas crea sus correspondientes palletas. En la construcci\u00f3n de la tan delicada palleta, Sito procura obtener el mayor rendimiento posible; de ah\u00ed que no se dedique a producirlas masivamente. Es un trabajo que requiere especial dedicaci\u00f3n e inter\u00e9s; se trata de hacer \u201cpoco y bien\u201d. Llega entonces a hacer distintos tipos de palleta: asturiana, irlandesa, escocesa, northumbrian, zampogna, charamela, alemana y, como no, gallega. Esta \u00faltima la conoce bastante bien y de hecho son ya unos cuantos los cursos de construcci\u00f3n de palletas que lleva impartiendo desde Negreira, Taramundi, Lugo o Ponferrada hasta Italia y Alemania.<\/p>\r\n<\/div><\/div><\/div><\/div><\/div><\/section><section class=\"kc-elm kc-css-443251 kc_row\"><div class=\"kc-row-container  kc-container\"><div class=\"kc-wrap-columns\"><div class=\"kc-elm kc-css-1747770 kc_col-sm-7 kc_column kc_col-sm-7\"><div class=\"kc-col-container\">\r\n<div class=\"kc-elm kc-css-2027414 kc-title-wrap \">\r\n\r\n\t<h2 class=\"kc_title\">ESCRITOR<\/h2>\r\n<\/div>\r\n<div class=\"kc-elm kc-css-3232120 kc_text_block\"><p style=\"text-align: justify;\">Despu\u00e9s de a\u00f1os impartiendo cursos de afinaci\u00f3n y construcci\u00f3n de palletas, decidi\u00f3 plasmar su experiencia en la afinaci\u00f3n en un manual que titul\u00f3 <strong><em>Palleta maldita<\/em><\/strong><em>, <\/em>editado por la Asociaci\u00f3n Cultural Xermolos. Este libro t\u00e9cnico de afinaci\u00f3n fue fruto de la necesidad de cubrir el vac\u00edo existente sobre los secretos de la afinaci\u00f3n de la gaita gallega. Es un libro de f\u00e1cil comprensi\u00f3n, concebido para llegar desde el aprendiz hasta el iniciado el las artes de la gaita y escrito con la intenci\u00f3n de poder compaginar su lectura con la puesta en pr\u00e1ctica de su contenido.<\/p>\r\n<p style=\"text-align: justify;\">Siempre tuvo presente a qu\u00e9 p\u00fablico va dirigida esta obra y las dificultades para hacerla llegar a manos de estos, por esta raz\u00f3n y ante las dificultades encontradas en su devagar, eligi\u00f3 y asumi\u00f3 todo el proceso, desde la creaci\u00f3n hasta la distribuci\u00f3n. Encontr\u00f3 apoyo por parte de asociaciones y agentes culturales interesados en el tema.<\/p>\r\n<p style=\"text-align: justify;\">El libro est\u00e1 disponible en gallego y castellano. Se tradujo al alem\u00e1n y al franc\u00e9s y est\u00e1 pendiente su traducci\u00f3n al italiano y al ingl\u00e9s.<\/p>\r\n<\/div><\/div><\/div><div class=\"kc-elm kc-css-3596584 kc_col-sm-5 kc_column kc_col-sm-5\"><div class=\"kc-col-container\"><div class=\"kc-elm kc-css-2854873 kc_shortcode kc_single_image\">\r\n\r\n        <img src=\"https:\/\/sitocarracedo.com\/wp-content\/uploads\/2019\/04\/sito.jpg\" class=\"\" alt=\"\" \/>    <\/div>\r\n<div class=\"kc-elm kc-css-824900 kc_text_block\"><p>\r\nFotograf\u00eda: Suso Pena para La Voz de Galicia.<\/p>\r\n<\/div><\/div><\/div><\/div><\/div><\/section><section class=\"kc-elm kc-css-3989929 kc_row\"><div class=\"kc-row-container  kc-container\"><div class=\"kc-wrap-columns\"><div class=\"kc-elm kc-css-3077541 kc_col-sm-12 kc_column kc_col-sm-12\"><div class=\"kc-col-container\">\r\n<div class=\"kc-elm kc-css-476715 kc-title-wrap \">\r\n\r\n\t<h2 class=\"kc_title\">INVENTOR<\/h2>\r\n<\/div>\r\n<div class=\"kc-elm kc-css-2896338 kc_text_block\"><p style=\"text-align: justify;\">Despu\u00e9s de experimentar tanto en el mundo da gaita y de la palleta, uno de los problemas que se encuentra cuando toca en sitios con clima seco es la deformidad y sequedad de la palleta por el contraste de la humedad. Sito inventa un tap\u00f3n para el puntero de la gaita que humidifica la palleta. Lo llama <a href=\"https:\/\/sitocarracedo.com\/es\/producto\/higrotapon\/\" target=\"_blank\" rel=\"noopener\"><strong><u>HIGROTAP\u00d3N<\/u><\/strong><\/a>, y consta de un peque\u00f1o dep\u00f3sito con una mecha interior que proporciona la humedad que la palleta precisa para su conservaci\u00f3n.<\/p>\r\n<p style=\"text-align: justify;\">Gaitero popular y vocacional, fue uno de los pioneros en llevar la gaita y la m\u00fasica a las calles, los bares, las foliadas\u2026, \u00a0buscando siempre la normalizaci\u00f3n y popularizaci\u00f3n de la m\u00fasica tradicional. Como gaitero, tambi\u00e9n particip\u00f3 y colabor\u00f3 en diferentes grupos y proyectos musicales: <strong>C\u00e1ntigas e frores, Treboada, Galicia canta ao neno, Grupo Did\u00e1ctico da Cooperativa Soutelo de Montes, Fiand\u00f3n, A Quenlla, Banda do Clavi<\/strong> y <strong>Gris Merengue<\/strong>. Tambi\u00e9n cuenta en su haber con colaboraciones internacionales, como por ejemplo, con el grupo alem\u00e1n <strong>\u00c4lab\u00e4tsch<\/strong> o los italianos <strong>Hotel Rif.<\/strong><\/p>\r\n<\/div><\/div><\/div><\/div><\/div><\/section><section class=\"kc-elm kc-css-2888661 kc_row\"><div class=\"kc-row-container  kc-container\"><div class=\"kc-wrap-columns\"><div class=\"kc-elm kc-css-3876280 kc_col-sm-12 kc_column kc_col-sm-12\"><div class=\"kc-col-container\"><\/div><\/div><\/div><\/div><\/section>","_et_gb_content_width":"","footnotes":""},"class_list":["post-12971","page","type-page","status-publish","hentry"],"yoast_head":"<!-- This site is optimized with the Yoast SEO plugin v27.5 - https:\/\/yoast.com\/product\/yoast-seo-wordpress\/ -->\n<title>Conoce a Sito Carracedo, artesano, investigador y constructor de Gaitas<\/title>\n<meta name=\"description\" content=\"Historia y trayectoria de Sito Carracedo, artesano gallego, investigador y constructor de gaitas y otros instrumentos tradicionales gallegos.\" \/>\n<meta name=\"robots\" content=\"index, follow, max-snippet:-1, max-image-preview:large, max-video-preview:-1\" \/>\n<link rel=\"canonical\" href=\"https:\/\/sitocarracedo.com\/es\/historia\/\" \/>\n<meta property=\"og:locale\" content=\"es_ES\" \/>\n<meta property=\"og:type\" content=\"article\" \/>\n<meta property=\"og:title\" content=\"Conoce a Sito Carracedo, artesano, investigador y constructor de Gaitas\" \/>\n<meta property=\"og:description\" content=\"Historia y trayectoria de Sito Carracedo, artesano gallego, investigador y constructor de gaitas y otros instrumentos tradicionales gallegos.\" \/>\n<meta property=\"og:url\" content=\"https:\/\/sitocarracedo.com\/es\/historia\/\" \/>\n<meta property=\"og:site_name\" content=\"Sito Carracedo\" \/>\n<meta property=\"article:modified_time\" content=\"2023-01-10T09:25:12+00:00\" \/>\n<meta name=\"twitter:card\" content=\"summary_large_image\" \/>\n<meta name=\"twitter:label1\" content=\"Tiempo de lectura\" \/>\n\t<meta name=\"twitter:data1\" content=\"7 minutos\" \/>\n<script type=\"application\/ld+json\" class=\"yoast-schema-graph\">{\"@context\":\"https:\\\/\\\/schema.org\",\"@graph\":[{\"@type\":\"WebPage\",\"@id\":\"https:\\\/\\\/sitocarracedo.com\\\/es\\\/historia\\\/\",\"url\":\"https:\\\/\\\/sitocarracedo.com\\\/es\\\/historia\\\/\",\"name\":\"Conoce a Sito Carracedo, artesano, investigador y constructor de Gaitas\",\"isPartOf\":{\"@id\":\"https:\\\/\\\/sitocarracedo.com\\\/es\\\/#website\"},\"datePublished\":\"2020-07-15T10:33:25+00:00\",\"dateModified\":\"2023-01-10T09:25:12+00:00\",\"description\":\"Historia y trayectoria de Sito Carracedo, artesano gallego, investigador y constructor de gaitas y otros instrumentos tradicionales gallegos.\",\"breadcrumb\":{\"@id\":\"https:\\\/\\\/sitocarracedo.com\\\/es\\\/historia\\\/#breadcrumb\"},\"inLanguage\":\"es\",\"potentialAction\":[{\"@type\":\"ReadAction\",\"target\":[\"https:\\\/\\\/sitocarracedo.com\\\/es\\\/historia\\\/\"]}]},{\"@type\":\"BreadcrumbList\",\"@id\":\"https:\\\/\\\/sitocarracedo.com\\\/es\\\/historia\\\/#breadcrumb\",\"itemListElement\":[{\"@type\":\"ListItem\",\"position\":1,\"name\":\"Portada\",\"item\":\"https:\\\/\\\/sitocarracedo.com\\\/es\\\/\"},{\"@type\":\"ListItem\",\"position\":2,\"name\":\"Historia\"}]},{\"@type\":\"WebSite\",\"@id\":\"https:\\\/\\\/sitocarracedo.com\\\/es\\\/#website\",\"url\":\"https:\\\/\\\/sitocarracedo.com\\\/es\\\/\",\"name\":\"Sito Carracedo\",\"description\":\"Artesano Gallego\",\"publisher\":{\"@id\":\"https:\\\/\\\/sitocarracedo.com\\\/es\\\/#organization\"},\"potentialAction\":[{\"@type\":\"SearchAction\",\"target\":{\"@type\":\"EntryPoint\",\"urlTemplate\":\"https:\\\/\\\/sitocarracedo.com\\\/es\\\/?s={search_term_string}\"},\"query-input\":{\"@type\":\"PropertyValueSpecification\",\"valueRequired\":true,\"valueName\":\"search_term_string\"}}],\"inLanguage\":\"es\"},{\"@type\":\"Organization\",\"@id\":\"https:\\\/\\\/sitocarracedo.com\\\/es\\\/#organization\",\"name\":\"Sito Carracedo\",\"url\":\"https:\\\/\\\/sitocarracedo.com\\\/es\\\/\",\"logo\":{\"@type\":\"ImageObject\",\"inLanguage\":\"es\",\"@id\":\"https:\\\/\\\/sitocarracedo.com\\\/es\\\/#\\\/schema\\\/logo\\\/image\\\/\",\"url\":\"https:\\\/\\\/sitocarracedo.com\\\/wp-content\\\/uploads\\\/2020\\\/08\\\/icono-sitocarracedo.png\",\"contentUrl\":\"https:\\\/\\\/sitocarracedo.com\\\/wp-content\\\/uploads\\\/2020\\\/08\\\/icono-sitocarracedo.png\",\"width\":100,\"height\":100,\"caption\":\"Sito Carracedo\"},\"image\":{\"@id\":\"https:\\\/\\\/sitocarracedo.com\\\/es\\\/#\\\/schema\\\/logo\\\/image\\\/\"}}]}<\/script>\n<!-- \/ Yoast SEO plugin. -->","yoast_head_json":{"title":"Conoce a Sito Carracedo, artesano, investigador y constructor de Gaitas","description":"Historia y trayectoria de Sito Carracedo, artesano gallego, investigador y constructor de gaitas y otros instrumentos tradicionales gallegos.","robots":{"index":"index","follow":"follow","max-snippet":"max-snippet:-1","max-image-preview":"max-image-preview:large","max-video-preview":"max-video-preview:-1"},"canonical":"https:\/\/sitocarracedo.com\/es\/historia\/","og_locale":"es_ES","og_type":"article","og_title":"Conoce a Sito Carracedo, artesano, investigador y constructor de Gaitas","og_description":"Historia y trayectoria de Sito Carracedo, artesano gallego, investigador y constructor de gaitas y otros instrumentos tradicionales gallegos.","og_url":"https:\/\/sitocarracedo.com\/es\/historia\/","og_site_name":"Sito Carracedo","article_modified_time":"2023-01-10T09:25:12+00:00","twitter_card":"summary_large_image","twitter_misc":{"Tiempo de lectura":"7 minutos"},"schema":{"@context":"https:\/\/schema.org","@graph":[{"@type":"WebPage","@id":"https:\/\/sitocarracedo.com\/es\/historia\/","url":"https:\/\/sitocarracedo.com\/es\/historia\/","name":"Conoce a Sito Carracedo, artesano, investigador y constructor de Gaitas","isPartOf":{"@id":"https:\/\/sitocarracedo.com\/es\/#website"},"datePublished":"2020-07-15T10:33:25+00:00","dateModified":"2023-01-10T09:25:12+00:00","description":"Historia y trayectoria de Sito Carracedo, artesano gallego, investigador y constructor de gaitas y otros instrumentos tradicionales gallegos.","breadcrumb":{"@id":"https:\/\/sitocarracedo.com\/es\/historia\/#breadcrumb"},"inLanguage":"es","potentialAction":[{"@type":"ReadAction","target":["https:\/\/sitocarracedo.com\/es\/historia\/"]}]},{"@type":"BreadcrumbList","@id":"https:\/\/sitocarracedo.com\/es\/historia\/#breadcrumb","itemListElement":[{"@type":"ListItem","position":1,"name":"Portada","item":"https:\/\/sitocarracedo.com\/es\/"},{"@type":"ListItem","position":2,"name":"Historia"}]},{"@type":"WebSite","@id":"https:\/\/sitocarracedo.com\/es\/#website","url":"https:\/\/sitocarracedo.com\/es\/","name":"Sito Carracedo","description":"Artesano Gallego","publisher":{"@id":"https:\/\/sitocarracedo.com\/es\/#organization"},"potentialAction":[{"@type":"SearchAction","target":{"@type":"EntryPoint","urlTemplate":"https:\/\/sitocarracedo.com\/es\/?s={search_term_string}"},"query-input":{"@type":"PropertyValueSpecification","valueRequired":true,"valueName":"search_term_string"}}],"inLanguage":"es"},{"@type":"Organization","@id":"https:\/\/sitocarracedo.com\/es\/#organization","name":"Sito Carracedo","url":"https:\/\/sitocarracedo.com\/es\/","logo":{"@type":"ImageObject","inLanguage":"es","@id":"https:\/\/sitocarracedo.com\/es\/#\/schema\/logo\/image\/","url":"https:\/\/sitocarracedo.com\/wp-content\/uploads\/2020\/08\/icono-sitocarracedo.png","contentUrl":"https:\/\/sitocarracedo.com\/wp-content\/uploads\/2020\/08\/icono-sitocarracedo.png","width":100,"height":100,"caption":"Sito Carracedo"},"image":{"@id":"https:\/\/sitocarracedo.com\/es\/#\/schema\/logo\/image\/"}}]}},"_links":{"self":[{"href":"https:\/\/sitocarracedo.com\/es\/wp-json\/wp\/v2\/pages\/12971","targetHints":{"allow":["GET"]}}],"collection":[{"href":"https:\/\/sitocarracedo.com\/es\/wp-json\/wp\/v2\/pages"}],"about":[{"href":"https:\/\/sitocarracedo.com\/es\/wp-json\/wp\/v2\/types\/page"}],"author":[{"embeddable":true,"href":"https:\/\/sitocarracedo.com\/es\/wp-json\/wp\/v2\/users\/1"}],"replies":[{"embeddable":true,"href":"https:\/\/sitocarracedo.com\/es\/wp-json\/wp\/v2\/comments?post=12971"}],"version-history":[{"count":4,"href":"https:\/\/sitocarracedo.com\/es\/wp-json\/wp\/v2\/pages\/12971\/revisions"}],"predecessor-version":[{"id":14081,"href":"https:\/\/sitocarracedo.com\/es\/wp-json\/wp\/v2\/pages\/12971\/revisions\/14081"}],"wp:attachment":[{"href":"https:\/\/sitocarracedo.com\/es\/wp-json\/wp\/v2\/media?parent=12971"}],"curies":[{"name":"wp","href":"https:\/\/api.w.org\/{rel}","templated":true}]}}